{"id":295,"date":"2023-09-18T15:43:27","date_gmt":"2023-09-18T15:43:27","guid":{"rendered":"https:\/\/naturprojekte.ch\/?post_type=portfolio&#038;p=295"},"modified":"2023-09-18T16:04:55","modified_gmt":"2023-09-18T16:04:55","slug":"trockensteinmauer-sempach","status":"publish","type":"portfolio","link":"https:\/\/naturprojekte.ch\/?portfolio=trockensteinmauer-sempach","title":{"rendered":"Trockensteinmauer Sempach"},"content":{"rendered":"<div class=\"wpb-content-wrapper\"><p>[vc_row content_placement=&#8220;middle&#8220;][vc_column width=&#8220;3\/4&#8243;][vc_single_image image=&#8220;296&#8243; img_size=&#8220;large&#8220;][\/vc_column][vc_column width=&#8220;1\/4&#8243;][vc_column_text]<\/p>\n<blockquote><p><em>Die B\u00f6schung als Ausgangslage, mit einer Trockensteinmauer soll der Garten aufgewertet werden.<\/em><\/p><\/blockquote>\n<p>[\/vc_column_text][\/vc_column][\/vc_row][vc_row content_placement=&#8220;middle&#8220;][vc_column width=&#8220;1\/4&#8243;][vc_column_text]<\/p>\n<blockquote><p><em>Die Trockensteinmauer nimmt Form an, mit Fundamentssteinen von einem abgerissenen Bauernhaus aus Ruswil.<\/em><\/p><\/blockquote>\n<p>[\/vc_column_text][\/vc_column][vc_column width=&#8220;3\/4&#8243;][vc_single_image image=&#8220;300&#8243; img_size=&#8220;large&#8220;][\/vc_column][\/vc_row][vc_row content_placement=&#8220;middle&#8220;][vc_column width=&#8220;3\/4&#8243;][vc_single_image image=&#8220;301&#8243; img_size=&#8220;large&#8220;][\/vc_column][vc_column width=&#8220;1\/4&#8243;][vc_column_text]<\/p>\n<blockquote><p><em>Die fertige Mauer, ca. 1.10 Meter hoch, die Vielfalt der verbauten Steine f\u00e4llt gar nicht auf. Nebst Schiefer, Granit, Sandstein und Alpenkalk sind auch Quarzite in dem Sammelsurium im Fundament-Schatz mit dabei.<\/em><\/p><\/blockquote>\n<p>[\/vc_column_text][\/vc_column][\/vc_row][vc_row content_placement=&#8220;middle&#8220;][vc_column width=&#8220;1\/4&#8243;][vc_column_text]<\/p>\n<blockquote><p><em>Die fertige Mauer, im Anschluss an den Blockwurf, die Bepflanzung wird noch mit heimischen Wildstr\u00e4uchern erg\u00e4nzt und der Kiesstreifen mit Blumensamen anges\u00e4\u00e4t.<\/em><\/p><\/blockquote>\n<p>[\/vc_column_text][\/vc_column][vc_column width=&#8220;3\/4&#8243;][vc_single_image image=&#8220;302&#8243; img_size=&#8220;large&#8220;][\/vc_column][\/vc_row][vc_row content_placement=&#8220;middle&#8220;][vc_column width=&#8220;3\/4&#8243;][vc_single_image image=&#8220;303&#8243; img_size=&#8220;large&#8220;][\/vc_column][vc_column width=&#8220;1\/4&#8243;][vc_column_text]<\/p>\n<blockquote><p><em>Die Mauer Ende Juni fotografiert, schon so bewachsen, als ob die Mauer schon immer dasteht (Foto; A. Ziswiler).<\/em><\/p><\/blockquote>\n<p>[\/vc_column_text][\/vc_column][\/vc_row]<\/p>\n<\/div>","protected":false},"excerpt":{"rendered":"<p>[vc_row content_placement=&#8220;middle&#8220;][vc_column width=&#8220;3\/4&#8243;][vc_single_image image=&#8220;296&#8243; img_size=&#8220;large&#8220;][\/vc_column][vc_column width=&#8220;1\/4&#8243;][vc_column_text] Die B\u00f6schung als Ausgangslage, mit einer Trockensteinmauer soll der Garten aufgewertet werden. [\/vc_column_text][\/vc_column][\/vc_row][vc_row content_placement=&#8220;middle&#8220;][vc_column width=&#8220;1\/4&#8243;][vc_column_text] Die Trockensteinmauer nimmt Form an, mit Fundamentssteinen von einem abgerissenen Bauernhaus aus Ruswil. [\/vc_column_text][\/vc_column][vc_column width=&#8220;3\/4&#8243;][vc_single_image image=&#8220;300&#8243; img_size=&#8220;large&#8220;][\/vc_column][\/vc_row][vc_row content_placement=&#8220;middle&#8220;][vc_column width=&#8220;3\/4&#8243;][vc_single_image image=&#8220;301&#8243; img_size=&#8220;large&#8220;][\/vc_column][vc_column width=&#8220;1\/4&#8243;][vc_column_text] Die fertige Mauer, ca. 1.10 Meter hoch, die Vielfalt der verbauten Steine&hellip;<\/p>\n","protected":false},"author":1,"featured_media":303,"comment_status":"closed","ping_status":"closed","template":"","meta":{"_acf_changed":false,"footnotes":""},"portfolio_category":[],"portfolio_tag":[],"class_list":["post-295","portfolio","type-portfolio","status-publish","has-post-thumbnail","hentry"],"acf":[],"yoast_head":"<!-- This site is optimized with the Yoast SEO plugin v27.1.1 - https:\/\/yoast.com\/product\/yoast-seo-wordpress\/ -->\n<title>Trockensteinmauer Sempach - naturprojekte.ch<\/title>\n<meta name=\"robots\" content=\"index, follow, max-snippet:-1, max-image-preview:large, max-video-preview:-1\" \/>\n<link rel=\"canonical\" href=\"https:\/\/naturprojekte.ch\/?portfolio=trockensteinmauer-sempach\" \/>\n<meta property=\"og:locale\" content=\"de_DE\" \/>\n<meta property=\"og:type\" content=\"article\" \/>\n<meta property=\"og:title\" content=\"Trockensteinmauer Sempach - naturprojekte.ch\" \/>\n<meta property=\"og:description\" content=\"[vc_row content_placement=&#8220;middle&#8220;][vc_column width=&#8220;3\/4&#8243;][vc_single_image image=&#8220;296&#8243; img_size=&#8220;large&#8220;][\/vc_column][vc_column width=&#8220;1\/4&#8243;][vc_column_text] Die B\u00f6schung als Ausgangslage, mit einer Trockensteinmauer soll der Garten aufgewertet werden. [\/vc_column_text][\/vc_column][\/vc_row][vc_row content_placement=&#8220;middle&#8220;][vc_column width=&#8220;1\/4&#8243;][vc_column_text] Die Trockensteinmauer nimmt Form an, mit Fundamentssteinen von einem abgerissenen Bauernhaus aus Ruswil. [\/vc_column_text][\/vc_column][vc_column width=&#8220;3\/4&#8243;][vc_single_image image=&#8220;300&#8243; img_size=&#8220;large&#8220;][\/vc_column][\/vc_row][vc_row content_placement=&#8220;middle&#8220;][vc_column width=&#8220;3\/4&#8243;][vc_single_image image=&#8220;301&#8243; img_size=&#8220;large&#8220;][\/vc_column][vc_column width=&#8220;1\/4&#8243;][vc_column_text] Die fertige Mauer, ca. 1.10 Meter hoch, die Vielfalt der verbauten Steine&hellip;\" \/>\n<meta property=\"og:url\" content=\"https:\/\/naturprojekte.ch\/?portfolio=trockensteinmauer-sempach\" \/>\n<meta property=\"og:site_name\" content=\"naturprojekte.ch\" \/>\n<meta property=\"article:modified_time\" content=\"2023-09-18T16:04:55+00:00\" \/>\n<meta property=\"og:image\" content=\"https:\/\/naturprojekte.ch\/wp-content\/uploads\/2023\/09\/IMG-20230629-WA0002.jpg\" \/>\n\t<meta property=\"og:image:width\" content=\"1745\" \/>\n\t<meta property=\"og:image:height\" content=\"1309\" \/>\n\t<meta property=\"og:image:type\" content=\"image\/jpeg\" \/>\n<meta name=\"twitter:card\" content=\"summary_large_image\" \/>\n<meta name=\"twitter:label1\" content=\"Gesch\u00e4tzte Lesezeit\" \/>\n\t<meta name=\"twitter:data1\" content=\"1\u00a0Minute\" \/>\n<script type=\"application\/ld+json\" class=\"yoast-schema-graph\">{\"@context\":\"https:\/\/schema.org\",\"@graph\":[{\"@type\":\"WebPage\",\"@id\":\"https:\/\/naturprojekte.ch\/?portfolio=trockensteinmauer-sempach\",\"url\":\"https:\/\/naturprojekte.ch\/?portfolio=trockensteinmauer-sempach\",\"name\":\"Trockensteinmauer Sempach - naturprojekte.ch\",\"isPartOf\":{\"@id\":\"https:\/\/naturprojekte.ch\/#website\"},\"primaryImageOfPage\":{\"@id\":\"https:\/\/naturprojekte.ch\/?portfolio=trockensteinmauer-sempach#primaryimage\"},\"image\":{\"@id\":\"https:\/\/naturprojekte.ch\/?portfolio=trockensteinmauer-sempach#primaryimage\"},\"thumbnailUrl\":\"https:\/\/naturprojekte.ch\/wp-content\/uploads\/2023\/09\/IMG-20230629-WA0002.jpg\",\"datePublished\":\"2023-09-18T15:43:27+00:00\",\"dateModified\":\"2023-09-18T16:04:55+00:00\",\"breadcrumb\":{\"@id\":\"https:\/\/naturprojekte.ch\/?portfolio=trockensteinmauer-sempach#breadcrumb\"},\"inLanguage\":\"de\",\"potentialAction\":[{\"@type\":\"ReadAction\",\"target\":[\"https:\/\/naturprojekte.ch\/?portfolio=trockensteinmauer-sempach\"]}]},{\"@type\":\"ImageObject\",\"inLanguage\":\"de\",\"@id\":\"https:\/\/naturprojekte.ch\/?portfolio=trockensteinmauer-sempach#primaryimage\",\"url\":\"https:\/\/naturprojekte.ch\/wp-content\/uploads\/2023\/09\/IMG-20230629-WA0002.jpg\",\"contentUrl\":\"https:\/\/naturprojekte.ch\/wp-content\/uploads\/2023\/09\/IMG-20230629-WA0002.jpg\",\"width\":1745,\"height\":1309},{\"@type\":\"BreadcrumbList\",\"@id\":\"https:\/\/naturprojekte.ch\/?portfolio=trockensteinmauer-sempach#breadcrumb\",\"itemListElement\":[{\"@type\":\"ListItem\",\"position\":1,\"name\":\"Home\",\"item\":\"https:\/\/naturprojekte.ch\/\"},{\"@type\":\"ListItem\",\"position\":2,\"name\":\"Portfolio\",\"item\":\"https:\/\/naturprojekte.ch\/?post_type=portfolio\"},{\"@type\":\"ListItem\",\"position\":3,\"name\":\"Trockensteinmauer Sempach\"}]},{\"@type\":\"WebSite\",\"@id\":\"https:\/\/naturprojekte.ch\/#website\",\"url\":\"https:\/\/naturprojekte.ch\/\",\"name\":\"naturprojekte.ch\",\"description\":\"Naturprojekte Ren\u00e9 Hardegger\",\"potentialAction\":[{\"@type\":\"SearchAction\",\"target\":{\"@type\":\"EntryPoint\",\"urlTemplate\":\"https:\/\/naturprojekte.ch\/?s={search_term_string}\"},\"query-input\":{\"@type\":\"PropertyValueSpecification\",\"valueRequired\":true,\"valueName\":\"search_term_string\"}}],\"inLanguage\":\"de\"}]}<\/script>\n<!-- \/ Yoast SEO plugin. -->","yoast_head_json":{"title":"Trockensteinmauer Sempach - naturprojekte.ch","robots":{"index":"index","follow":"follow","max-snippet":"max-snippet:-1","max-image-preview":"max-image-preview:large","max-video-preview":"max-video-preview:-1"},"canonical":"https:\/\/naturprojekte.ch\/?portfolio=trockensteinmauer-sempach","og_locale":"de_DE","og_type":"article","og_title":"Trockensteinmauer Sempach - naturprojekte.ch","og_description":"[vc_row content_placement=&#8220;middle&#8220;][vc_column width=&#8220;3\/4&#8243;][vc_single_image image=&#8220;296&#8243; img_size=&#8220;large&#8220;][\/vc_column][vc_column width=&#8220;1\/4&#8243;][vc_column_text] Die B\u00f6schung als Ausgangslage, mit einer Trockensteinmauer soll der Garten aufgewertet werden. [\/vc_column_text][\/vc_column][\/vc_row][vc_row content_placement=&#8220;middle&#8220;][vc_column width=&#8220;1\/4&#8243;][vc_column_text] Die Trockensteinmauer nimmt Form an, mit Fundamentssteinen von einem abgerissenen Bauernhaus aus Ruswil. [\/vc_column_text][\/vc_column][vc_column width=&#8220;3\/4&#8243;][vc_single_image image=&#8220;300&#8243; img_size=&#8220;large&#8220;][\/vc_column][\/vc_row][vc_row content_placement=&#8220;middle&#8220;][vc_column width=&#8220;3\/4&#8243;][vc_single_image image=&#8220;301&#8243; img_size=&#8220;large&#8220;][\/vc_column][vc_column width=&#8220;1\/4&#8243;][vc_column_text] Die fertige Mauer, ca. 1.10 Meter hoch, die Vielfalt der verbauten Steine&hellip;","og_url":"https:\/\/naturprojekte.ch\/?portfolio=trockensteinmauer-sempach","og_site_name":"naturprojekte.ch","article_modified_time":"2023-09-18T16:04:55+00:00","og_image":[{"width":1745,"height":1309,"url":"https:\/\/naturprojekte.ch\/wp-content\/uploads\/2023\/09\/IMG-20230629-WA0002.jpg","type":"image\/jpeg"}],"twitter_card":"summary_large_image","twitter_misc":{"Gesch\u00e4tzte Lesezeit":"1\u00a0Minute"},"schema":{"@context":"https:\/\/schema.org","@graph":[{"@type":"WebPage","@id":"https:\/\/naturprojekte.ch\/?portfolio=trockensteinmauer-sempach","url":"https:\/\/naturprojekte.ch\/?portfolio=trockensteinmauer-sempach","name":"Trockensteinmauer Sempach - naturprojekte.ch","isPartOf":{"@id":"https:\/\/naturprojekte.ch\/#website"},"primaryImageOfPage":{"@id":"https:\/\/naturprojekte.ch\/?portfolio=trockensteinmauer-sempach#primaryimage"},"image":{"@id":"https:\/\/naturprojekte.ch\/?portfolio=trockensteinmauer-sempach#primaryimage"},"thumbnailUrl":"https:\/\/naturprojekte.ch\/wp-content\/uploads\/2023\/09\/IMG-20230629-WA0002.jpg","datePublished":"2023-09-18T15:43:27+00:00","dateModified":"2023-09-18T16:04:55+00:00","breadcrumb":{"@id":"https:\/\/naturprojekte.ch\/?portfolio=trockensteinmauer-sempach#breadcrumb"},"inLanguage":"de","potentialAction":[{"@type":"ReadAction","target":["https:\/\/naturprojekte.ch\/?portfolio=trockensteinmauer-sempach"]}]},{"@type":"ImageObject","inLanguage":"de","@id":"https:\/\/naturprojekte.ch\/?portfolio=trockensteinmauer-sempach#primaryimage","url":"https:\/\/naturprojekte.ch\/wp-content\/uploads\/2023\/09\/IMG-20230629-WA0002.jpg","contentUrl":"https:\/\/naturprojekte.ch\/wp-content\/uploads\/2023\/09\/IMG-20230629-WA0002.jpg","width":1745,"height":1309},{"@type":"BreadcrumbList","@id":"https:\/\/naturprojekte.ch\/?portfolio=trockensteinmauer-sempach#breadcrumb","itemListElement":[{"@type":"ListItem","position":1,"name":"Home","item":"https:\/\/naturprojekte.ch\/"},{"@type":"ListItem","position":2,"name":"Portfolio","item":"https:\/\/naturprojekte.ch\/?post_type=portfolio"},{"@type":"ListItem","position":3,"name":"Trockensteinmauer Sempach"}]},{"@type":"WebSite","@id":"https:\/\/naturprojekte.ch\/#website","url":"https:\/\/naturprojekte.ch\/","name":"naturprojekte.ch","description":"Naturprojekte Ren\u00e9 Hardegger","potentialAction":[{"@type":"SearchAction","target":{"@type":"EntryPoint","urlTemplate":"https:\/\/naturprojekte.ch\/?s={search_term_string}"},"query-input":{"@type":"PropertyValueSpecification","valueRequired":true,"valueName":"search_term_string"}}],"inLanguage":"de"}]}},"_links":{"self":[{"href":"https:\/\/naturprojekte.ch\/index.php?rest_route=\/wp\/v2\/portfolio\/295","targetHints":{"allow":["GET"]}}],"collection":[{"href":"https:\/\/naturprojekte.ch\/index.php?rest_route=\/wp\/v2\/portfolio"}],"about":[{"href":"https:\/\/naturprojekte.ch\/index.php?rest_route=\/wp\/v2\/types\/portfolio"}],"author":[{"embeddable":true,"href":"https:\/\/naturprojekte.ch\/index.php?rest_route=\/wp\/v2\/users\/1"}],"replies":[{"embeddable":true,"href":"https:\/\/naturprojekte.ch\/index.php?rest_route=%2Fwp%2Fv2%2Fcomments&post=295"}],"version-history":[{"count":19,"href":"https:\/\/naturprojekte.ch\/index.php?rest_route=\/wp\/v2\/portfolio\/295\/revisions"}],"predecessor-version":[{"id":326,"href":"https:\/\/naturprojekte.ch\/index.php?rest_route=\/wp\/v2\/portfolio\/295\/revisions\/326"}],"wp:featuredmedia":[{"embeddable":true,"href":"https:\/\/naturprojekte.ch\/index.php?rest_route=\/wp\/v2\/media\/303"}],"wp:attachment":[{"href":"https:\/\/naturprojekte.ch\/index.php?rest_route=%2Fwp%2Fv2%2Fmedia&parent=295"}],"wp:term":[{"taxonomy":"portfolio_category","embeddable":true,"href":"https:\/\/naturprojekte.ch\/index.php?rest_route=%2Fwp%2Fv2%2Fportfolio_category&post=295"},{"taxonomy":"portfolio_tag","embeddable":true,"href":"https:\/\/naturprojekte.ch\/index.php?rest_route=%2Fwp%2Fv2%2Fportfolio_tag&post=295"}],"curies":[{"name":"wp","href":"https:\/\/api.w.org\/{rel}","templated":true}]}}